{"id":14,"date":"2014-09-13T15:56:06","date_gmt":"2014-09-13T14:56:06","guid":{"rendered":"http:\/\/saintango.fr\/?page_id=14"},"modified":"2018-08-01T11:12:59","modified_gmt":"2018-08-01T09:12:59","slug":"galerie","status":"publish","type":"page","link":"https:\/\/saintango.fr\/?page_id=14","title":{"rendered":"Galerie photos"},"content":{"rendered":"<p><b><span style=\"font-size: x-large;\"><span style=\"color: #004500;\">Liens sur You Tube &#8211; Patrick Arillano et V\u00e9ronique Klimcsok &#8211; Saintes juin 2018<\/span><\/span><\/b><\/p>\n<p><a href=\"https:\/\/www.youtube.com\/watch?v=wJzFpGBZ3-U\">https:\/\/www.youtube.com\/watch?v=wJzFpGBZ3-U<\/a><\/p>\n<p><span style=\"color: #000000; font-family: Times New Roman;\">\u00a0<\/span><a href=\"https:\/\/www.youtube.com\/watch?v=SfuvkUYcY98\">https:\/\/www.youtube.com\/watch?v=SfuvkUYcY98<\/a><\/p>\n<p><span style=\"color: #000000; font-family: Times New Roman;\">\u00a0<\/span><a href=\"https:\/\/www.youtube.com\/watch?v=Sy5uuNbPSp8\">https:\/\/www.youtube.com\/watch?v=Sy5uuNbPSp8<\/a><\/p>\n<p><strong><span style=\"font-size: 18pt; color: #910000;\">Photos de Pablo Scavino &#8211; Buenos Aires 2014<\/span><\/strong><\/p>\n<p>Remerciements \u00e0 Carolina Bonaventura, qui nous accueillis dans son \u00e9cole de danse pour cette s\u00e9ance photos.<br \/> ngg_shortcode_0_placeholder<\/p>\n<p><strong><span style=\"font-size: 18pt; color: #910000;\">Milonga au Cuba Tropicana &#8211; novembre 2014<\/span><\/strong><\/p>\n<p>Milonga de cl\u00f4ture des s\u00e9minaires lors de la venue exceptionnelle de Carolina Bonaventura en France.<br \/> ngg_shortcode_1_placeholder<\/p>\n<p><strong><span style=\"font-size: 18pt; color: #910000;\">Stage de tango \u00e0 La Rochelaise &#8211; 2014<\/span><\/strong><br \/> ngg_shortcode_2_placeholder<\/p>\n<p><strong><span style=\"font-size: 18pt; color: #910000;\">Photos de Monteleone\u00a0&#8211; Buenos Aires 2012<\/span><\/strong><\/p>\n<p>Photos r\u00e9alis\u00e9es lors de notre formation avec\u00a0Christina Sosa &amp; Daniel Nacucchio.<br \/> ngg_shortcode_3_placeholder<\/p>\n<p><span style=\"font-size: 18pt; color: #800000;\"><strong>Photos du Gala de danses P. Moreau \u00e0 Sireuil &#8211; 13 juin 2015<\/strong><\/span><\/p>\nngg_shortcode_4_placeholder\n<p>&nbsp;<\/p>\n<object classid=\"clsid:D27CDB6E-AE6D-11cf-96B8-444553540000\" width=\"320\" height=\"240\" id=\"video1\" name=\"video1\"><param name=\"movie\" value=\"https:\/\/saintango.fr\/wp-content\/themes\/Saintango\/js\/player.swf\"><param name=\"allowfullscreen\" value=\"true\"><param name=\"allowscriptaccess\" value=\"always\"><param name=\"stretching\" value=\"exactfit\"><param name=\"image\" value=\"http:\/\/www.videoimageurl.com\"><param name=\"stretching\" value=\"exactfit\"><param name=\"wmode\" value=\"transparent\"><param name=\"controlbar\" value=\"bottom\"><param name=\"flashvars\" value=\"file=http:\/\/www.videourl.com&stretching=fill&image=http:\/\/www.videoimageurl.com&controlbar=bottom\"><embed id=\"video1\" name=\"video1\" wmode=\"transparent\" src=\"https:\/\/saintango.fr\/wp-content\/themes\/Saintango\/js\/player.swf\" width=\"320\" height=\"240\" allowscriptaccess=\"always\" allowfullscreen=\"true\" flashvars=\"file=http:\/\/www.videourl.com&stretching=exactfit&image=http:\/\/www.videoimageurl.com&controlbar=bottom&screencolor=FFFFFF&backcolor=1b1b1b&frontcolor=FFFFFF&lightcolor=1173ba\"\/><\/object>\n<object classid=\"clsid:D27CDB6E-AE6D-11cf-96B8-444553540000\" width=\"320\" height=\"240\" id=\"video1\" name=\"video1\"><param name=\"movie\" value=\"https:\/\/saintango.fr\/wp-content\/themes\/Saintango\/js\/player.swf\"><param name=\"allowfullscreen\" value=\"true\"><param name=\"allowscriptaccess\" value=\"always\"><param name=\"stretching\" value=\"exactfit\"><param name=\"image\" value=\"http:\/\/www.videoimageurl.com\"><param name=\"stretching\" value=\"exactfit\"><param name=\"wmode\" value=\"transparent\"><param name=\"controlbar\" value=\"bottom\"><param name=\"flashvars\" value=\"file=http:\/\/www.videourl.com&stretching=fill&image=http:\/\/www.videoimageurl.com&controlbar=bottom\"><embed id=\"video1\" name=\"video1\" wmode=\"transparent\" src=\"https:\/\/saintango.fr\/wp-content\/themes\/Saintango\/js\/player.swf\" width=\"320\" height=\"240\" allowscriptaccess=\"always\" allowfullscreen=\"true\" flashvars=\"file=http:\/\/www.videourl.com&stretching=exactfit&image=http:\/\/www.videoimageurl.com&controlbar=bottom&screencolor=FFFFFF&backcolor=1b1b1b&frontcolor=FFFFFF&lightcolor=1173ba\"\/><\/object>\n<object classid=\"clsid:D27CDB6E-AE6D-11cf-96B8-444553540000\" width=\"320\" height=\"240\" id=\"video1\" name=\"video1\"><param name=\"movie\" value=\"https:\/\/saintango.fr\/wp-content\/themes\/Saintango\/js\/player.swf\"><param name=\"allowfullscreen\" value=\"true\"><param name=\"allowscriptaccess\" value=\"always\"><param name=\"stretching\" value=\"exactfit\"><param name=\"image\" value=\"http:\/\/www.videoimageurl.com\"><param name=\"stretching\" value=\"exactfit\"><param name=\"wmode\" value=\"transparent\"><param name=\"controlbar\" value=\"bottom\"><param name=\"flashvars\" value=\"file=http:\/\/www.videourl.com&stretching=fill&image=http:\/\/www.videoimageurl.com&controlbar=bottom\"><embed id=\"video1\" name=\"video1\" wmode=\"transparent\" src=\"https:\/\/saintango.fr\/wp-content\/themes\/Saintango\/js\/player.swf\" width=\"320\" height=\"240\" allowscriptaccess=\"always\" allowfullscreen=\"true\" flashvars=\"file=http:\/\/www.videourl.com&stretching=exactfit&image=http:\/\/www.videoimageurl.com&controlbar=bottom&screencolor=FFFFFF&backcolor=1b1b1b&frontcolor=FFFFFF&lightcolor=1173ba\"\/><\/object>\n","protected":false},"excerpt":{"rendered":"<p>Liens sur You Tube &#8211; Patrick Arillano et V\u00e9ronique Klimcsok &#8211; Saintes juin 2018 https:\/\/www.youtube.com\/watch?v=wJzFpGBZ3-U \u00a0https:\/\/www.youtube.com\/watch?v=SfuvkUYcY98 \u00a0https:\/\/www.youtube.com\/watch?v=Sy5uuNbPSp8 Photos de Pablo Scavino &#8211; Buenos Aires 2014 Remerciements \u00e0 Carolina Bonaventura, qui nous accueillis dans son \u00e9cole de danse pour cette s\u00e9ance photos. Milonga au Cuba Tropicana &#8211; novembre 2014 Milonga de cl\u00f4ture des s\u00e9minaires lors de [\u2026]<\/p>\n","protected":false},"author":1,"featured_media":0,"parent":0,"menu_order":0,"comment_status":"open","ping_status":"open","template":"","meta":{"ngg_post_thumbnail":0},"yoast_head":"<!-- This site is optimized with the Yoast SEO plugin v18.6 - https:\/\/yoast.com\/wordpress\/plugins\/seo\/ -->\n<title>Galerie photos - Saintonge Tango &amp; Milonga<\/title>\n<meta name=\"robots\" content=\"index, follow, max-snippet:-1, max-image-preview:large, max-video-preview:-1\" \/>\n<link rel=\"canonical\" href=\"https:\/\/saintango.fr\/?page_id=14\" \/>\n<meta property=\"og:locale\" content=\"fr_FR\" \/>\n<meta property=\"og:type\" content=\"article\" \/>\n<meta property=\"og:title\" content=\"Galerie photos - Saintonge Tango &amp; Milonga\" \/>\n<meta property=\"og:description\" content=\"Liens sur You Tube &#8211; Patrick Arillano et V\u00e9ronique Klimcsok &#8211; Saintes juin 2018 https:\/\/www.youtube.com\/watch?v=wJzFpGBZ3-U \u00a0https:\/\/www.youtube.com\/watch?v=SfuvkUYcY98 \u00a0https:\/\/www.youtube.com\/watch?v=Sy5uuNbPSp8 Photos de Pablo Scavino &#8211; Buenos Aires 2014 Remerciements \u00e0 Carolina Bonaventura, qui nous accueillis dans son \u00e9cole de danse pour cette s\u00e9ance photos. Milonga au Cuba Tropicana &#8211; novembre 2014 Milonga de cl\u00f4ture des s\u00e9minaires lors de [\u2026]\" \/>\n<meta property=\"og:url\" content=\"https:\/\/saintango.fr\/?page_id=14\" \/>\n<meta property=\"og:site_name\" content=\"Saintonge Tango &amp; Milonga\" \/>\n<meta property=\"article:modified_time\" content=\"2018-08-01T09:12:59+00:00\" \/>\n<meta name=\"twitter:card\" content=\"summary\" \/>\n<meta name=\"twitter:label1\" content=\"Dur\u00e9e de lecture estim\u00e9e\" \/>\n\t<meta name=\"twitter:data1\" content=\"1 minute\" \/>\n<script type=\"application\/ld+json\" class=\"yoast-schema-graph\">{\"@context\":\"https:\/\/schema.org\",\"@graph\":[{\"@type\":\"WebSite\",\"@id\":\"https:\/\/saintango.fr\/#website\",\"url\":\"https:\/\/saintango.fr\/\",\"name\":\"Saintonge Tango &amp; Milonga\",\"description\":\"Un site utilisant WordPress\",\"potentialAction\":[{\"@type\":\"SearchAction\",\"target\":{\"@type\":\"EntryPoint\",\"urlTemplate\":\"https:\/\/saintango.fr\/?s={search_term_string}\"},\"query-input\":\"required name=search_term_string\"}],\"inLanguage\":\"fr-FR\"},{\"@type\":\"WebPage\",\"@id\":\"https:\/\/saintango.fr\/?page_id=14#webpage\",\"url\":\"https:\/\/saintango.fr\/?page_id=14\",\"name\":\"Galerie photos - Saintonge Tango &amp; Milonga\",\"isPartOf\":{\"@id\":\"https:\/\/saintango.fr\/#website\"},\"datePublished\":\"2014-09-13T14:56:06+00:00\",\"dateModified\":\"2018-08-01T09:12:59+00:00\",\"breadcrumb\":{\"@id\":\"https:\/\/saintango.fr\/?page_id=14#breadcrumb\"},\"inLanguage\":\"fr-FR\",\"potentialAction\":[{\"@type\":\"ReadAction\",\"target\":[\"https:\/\/saintango.fr\/?page_id=14\"]}]},{\"@type\":\"BreadcrumbList\",\"@id\":\"https:\/\/saintango.fr\/?page_id=14#breadcrumb\",\"itemListElement\":[{\"@type\":\"ListItem\",\"position\":1,\"name\":\"Accueil\",\"item\":\"https:\/\/saintango.fr\/\"},{\"@type\":\"ListItem\",\"position\":2,\"name\":\"Galerie photos\"}]}]}<\/script>\n<!-- \/ Yoast SEO plugin. -->","yoast_head_json":{"title":"Galerie photos - Saintonge Tango &amp; Milonga","robots":{"index":"index","follow":"follow","max-snippet":"max-snippet:-1","max-image-preview":"max-image-preview:large","max-video-preview":"max-video-preview:-1"},"canonical":"https:\/\/saintango.fr\/?page_id=14","og_locale":"fr_FR","og_type":"article","og_title":"Galerie photos - Saintonge Tango &amp; Milonga","og_description":"Liens sur You Tube &#8211; Patrick Arillano et V\u00e9ronique Klimcsok &#8211; Saintes juin 2018 https:\/\/www.youtube.com\/watch?v=wJzFpGBZ3-U \u00a0https:\/\/www.youtube.com\/watch?v=SfuvkUYcY98 \u00a0https:\/\/www.youtube.com\/watch?v=Sy5uuNbPSp8 Photos de Pablo Scavino &#8211; Buenos Aires 2014 Remerciements \u00e0 Carolina Bonaventura, qui nous accueillis dans son \u00e9cole de danse pour cette s\u00e9ance photos. Milonga au Cuba Tropicana &#8211; novembre 2014 Milonga de cl\u00f4ture des s\u00e9minaires lors de [\u2026]","og_url":"https:\/\/saintango.fr\/?page_id=14","og_site_name":"Saintonge Tango &amp; Milonga","article_modified_time":"2018-08-01T09:12:59+00:00","twitter_card":"summary","twitter_misc":{"Dur\u00e9e de lecture estim\u00e9e":"1 minute"},"schema":{"@context":"https:\/\/schema.org","@graph":[{"@type":"WebSite","@id":"https:\/\/saintango.fr\/#website","url":"https:\/\/saintango.fr\/","name":"Saintonge Tango &amp; Milonga","description":"Un site utilisant WordPress","potentialAction":[{"@type":"SearchAction","target":{"@type":"EntryPoint","urlTemplate":"https:\/\/saintango.fr\/?s={search_term_string}"},"query-input":"required name=search_term_string"}],"inLanguage":"fr-FR"},{"@type":"WebPage","@id":"https:\/\/saintango.fr\/?page_id=14#webpage","url":"https:\/\/saintango.fr\/?page_id=14","name":"Galerie photos - Saintonge Tango &amp; Milonga","isPartOf":{"@id":"https:\/\/saintango.fr\/#website"},"datePublished":"2014-09-13T14:56:06+00:00","dateModified":"2018-08-01T09:12:59+00:00","breadcrumb":{"@id":"https:\/\/saintango.fr\/?page_id=14#breadcrumb"},"inLanguage":"fr-FR","potentialAction":[{"@type":"ReadAction","target":["https:\/\/saintango.fr\/?page_id=14"]}]},{"@type":"BreadcrumbList","@id":"https:\/\/saintango.fr\/?page_id=14#breadcrumb","itemListElement":[{"@type":"ListItem","position":1,"name":"Accueil","item":"https:\/\/saintango.fr\/"},{"@type":"ListItem","position":2,"name":"Galerie photos"}]}]}},"_links":{"self":[{"href":"https:\/\/saintango.fr\/index.php?rest_route=\/wp\/v2\/pages\/14"}],"collection":[{"href":"https:\/\/saintango.fr\/index.php?rest_route=\/wp\/v2\/pages"}],"about":[{"href":"https:\/\/saintango.fr\/index.php?rest_route=\/wp\/v2\/types\/page"}],"author":[{"embeddable":true,"href":"https:\/\/saintango.fr\/index.php?rest_route=\/wp\/v2\/users\/1"}],"replies":[{"embeddable":true,"href":"https:\/\/saintango.fr\/index.php?rest_route=%2Fwp%2Fv2%2Fcomments&post=14"}],"version-history":[{"count":41,"href":"https:\/\/saintango.fr\/index.php?rest_route=\/wp\/v2\/pages\/14\/revisions"}],"predecessor-version":[{"id":2155,"href":"https:\/\/saintango.fr\/index.php?rest_route=\/wp\/v2\/pages\/14\/revisions\/2155"}],"wp:attachment":[{"href":"https:\/\/saintango.fr\/index.php?rest_route=%2Fwp%2Fv2%2Fmedia&parent=14"}],"curies":[{"name":"wp","href":"https:\/\/api.w.org\/{rel}","templated":true}]}}